{"id":73822,"date":"2024-04-19T17:54:12","date_gmt":"2024-04-19T15:54:12","guid":{"rendered":"https:\/\/clavreuil-wordpress.logiciel-arteo.fr\/les-vies-des-saints-composees-sur-ce-que-nous-est-reste-de-plus-authentique-de-plus-assure-de-leur-histoire-disposees-selon-lordre-des-calendriers-des-martyrologes-nouvelle-edition\/"},"modified":"2024-04-22T16:06:44","modified_gmt":"2024-04-22T14:06:44","slug":"les-vies-des-saints-composees-sur-ce-que-nous-est-reste-de-plus-authentique-de-plus-assure-de-leur-histoire-disposees-selon-lordre-des-calendriers-des-martyrologes-nouvelle-edition","status":"publish","type":"product","link":"https:\/\/clavreuil-wordpress.logiciel-arteo.fr\/en\/les-vies-des-saints-composees-sur-ce-que-nous-est-reste-de-plus-authentique-de-plus-assure-de-leur-histoire-disposees-selon-lordre-des-calendriers-des-martyrologes-nouvelle-edition\/","title":{"rendered":"BAILLET Adrien Les Vies des Saints, compos\u00e9es sur..."},"content":{"rendered":"<p style=\"text-align:justify\">New posthumous edition of the magnum opus of Adrien Baillet (1649-1706).<\/p>\n<p style=\"text-align:justify\">A great scholar who was successively regent of a college, country vicar, and then librarian of the famous collector and bibliophile Chr&eacute;tien Fran&ccedil;ois de Lamoignon,whose collection he compiled in a catalogue raisonn&eacute;. He was an insatiable reader and researcher, Baillet is notably known as the first biographer of Ren&eacute; Descartes. His work on the Vies des Saints was excluded by the Church. The censors felt that Baillet was too close to the ideas of the reformers by dismissing the miracles that he did not believe to be true.<\/p>\n<p style=\"text-align:justify\">Spine faded and slighly rubbed.<\/p>\n","protected":false},"excerpt":{"rendered":"<p>10 volume 4to (252 x 193 mm) one engraved portrait as frontispiece, 8 unn.l., 489, CLVII for the first volume I ; 2 unn.l. , XXXX, 454 pp., 1 unn.l., 407 pp. for the volume II ; 2 unn.l., 815, XXII pp. for the volume III ; 2 unn.l., XXVII, 931 pp. for the volume IV ; 2 unn.l., 492, 222 pp., 1 unn.l. for the volume V ; 2 unn.l., XVIII, 331 pp., 1 unn.l., 34, 447 pp. for the volume VI ; 2 unn.l., XXXVI, 681 pp. for the volume VII ; 2 unn.l., XX, 754 pp. for the volume VIII ; 2 unn.l., XXXII, 304, 298 pp. for the volume IX ; 2 unn.l., 400, 280, 78 pp., 1 unn.l. for the volume X. Polished calf, Rohan-Chabot coat of arms on the corners, spine with raised bands, red edges (<em>contemporary binding<\/em>).<\/p>\n","protected":false},"featured_media":73815,"comment_status":"open","ping_status":"closed","template":"","meta":{"_acf_changed":false},"product_brand":[],"product_cat":[544],"product_tag":[1267,1265],"class_list":{"0":"post-73822","1":"product","2":"type-product","3":"status-publish","4":"has-post-thumbnail","6":"product_cat-literature","7":"product_tag-binding","8":"product_tag-christianity","9":"pa_auteur-adrien-baillet-2","10":"pa_type-de-livre-printed-book","12":"first","13":"instock","14":"shipping-taxable","15":"purchasable","16":"product-type-simple"},"acf":[],"yoast_head":"<!-- This site is optimized with the Yoast SEO plugin v24.3 - https:\/\/yoast.com\/wordpress\/plugins\/seo\/ -->\n<title>BAILLET Adrien Les Vies des Saints, compos\u00e9es sur ce que nous est rest\u00e9 de plus authentique &amp; de plus assur\u00e9 de leur histoire ; dispos\u00e9es selon l&#039;ordre des calendriers &amp; des martyrologes. Nouvelle \u00e9dition. - Libairie Clavreuil<\/title>\n<meta name=\"robots\" content=\"noindex, follow, max-snippet:-1, max-image-preview:large, max-video-preview:-1\" \/>\n<meta property=\"og:locale\" content=\"en_US\" \/>\n<meta property=\"og:type\" content=\"article\" \/>\n<meta property=\"og:title\" content=\"BAILLET Adrien Les Vies des Saints, compos\u00e9es sur ce que nous est rest\u00e9 de plus authentique &amp; de plus assur\u00e9 de leur histoire ; dispos\u00e9es selon l&#039;ordre des calendriers &amp; des martyrologes. Nouvelle \u00e9dition. - Libairie Clavreuil\" \/>\n<meta property=\"og:description\" content=\"10 volume 4to (252 x 193 mm) one engraved portrait as frontispiece, 8 unn.l., 489, CLVII for the first volume I ; 2 unn.l. , XXXX, 454 pp., 1 unn.l., 407 pp. for the volume II ; 2 unn.l., 815, XXII pp. for the volume III ; 2 unn.l., XXVII, 931 pp. for the volume IV ; 2 unn.l., 492, 222 pp., 1 unn.l. for the volume V ; 2 unn.l., XVIII, 331 pp., 1 unn.l., 34, 447 pp. for the volume VI ; 2 unn.l., XXXVI, 681 pp. for the volume VII ; 2 unn.l., XX, 754 pp. for the volume VIII ; 2 unn.l., XXXII, 304, 298 pp. for the volume IX ; 2 unn.l., 400, 280, 78 pp., 1 unn.l. for the volume X. Polished calf, Rohan-Chabot coat of arms on the corners, spine with raised bands, red edges (contemporary binding).\" \/>\n<meta property=\"og:url\" content=\"https:\/\/clavreuil-wordpress.logiciel-arteo.fr\/en\/les-vies-des-saints-composees-sur-ce-que-nous-est-reste-de-plus-authentique-de-plus-assure-de-leur-histoire-disposees-selon-lordre-des-calendriers-des-martyrologes-nouvelle-edition\/\" \/>\n<meta property=\"og:site_name\" content=\"Libairie Clavreuil\" \/>\n<meta property=\"article:modified_time\" content=\"2024-04-22T14:06:44+00:00\" \/>\n<meta property=\"og:image\" content=\"https:\/\/clavreuil-wordpress.logiciel-arteo.fr\/wp-content\/uploads\/2024\/04\/adrien-baillet-les-vies-des-saints-composees-sur-ce-que-nous-est-reste-de-plus-authentique-de-plus-assure-de-leur-histoire-disposees-selon-l-ordre-des.jpg\" \/>\n\t<meta property=\"og:image:width\" content=\"913\" \/>\n\t<meta property=\"og:image:height\" content=\"1231\" \/>\n\t<meta property=\"og:image:type\" content=\"image\/jpeg\" \/>\n<meta name=\"twitter:card\" content=\"summary_large_image\" \/>\n<meta name=\"twitter:label1\" content=\"Est. reading time\" \/>\n\t<meta name=\"twitter:data1\" content=\"1 minute\" \/>\n<script type=\"application\/ld+json\" class=\"yoast-schema-graph\">{\"@context\":\"https:\/\/schema.org\",\"@graph\":[{\"@type\":\"WebPage\",\"@id\":\"https:\/\/clavreuil-wordpress.logiciel-arteo.fr\/en\/les-vies-des-saints-composees-sur-ce-que-nous-est-reste-de-plus-authentique-de-plus-assure-de-leur-histoire-disposees-selon-lordre-des-calendriers-des-martyrologes-nouvelle-edition\/\",\"url\":\"https:\/\/clavreuil-wordpress.logiciel-arteo.fr\/en\/les-vies-des-saints-composees-sur-ce-que-nous-est-reste-de-plus-authentique-de-plus-assure-de-leur-histoire-disposees-selon-lordre-des-calendriers-des-martyrologes-nouvelle-edition\/\",\"name\":\"BAILLET Adrien Les Vies des Saints, compos\u00e9es sur ce que nous est rest\u00e9 de plus authentique &amp; de plus assur\u00e9 de leur histoire ; dispos\u00e9es selon l'ordre des calendriers &amp; des martyrologes. Nouvelle \u00e9dition. - Libairie Clavreuil\",\"isPartOf\":{\"@id\":\"https:\/\/clavreuil-wordpress.logiciel-arteo.fr\/#website\"},\"primaryImageOfPage\":{\"@id\":\"https:\/\/clavreuil-wordpress.logiciel-arteo.fr\/en\/les-vies-des-saints-composees-sur-ce-que-nous-est-reste-de-plus-authentique-de-plus-assure-de-leur-histoire-disposees-selon-lordre-des-calendriers-des-martyrologes-nouvelle-edition\/#primaryimage\"},\"image\":{\"@id\":\"https:\/\/clavreuil-wordpress.logiciel-arteo.fr\/en\/les-vies-des-saints-composees-sur-ce-que-nous-est-reste-de-plus-authentique-de-plus-assure-de-leur-histoire-disposees-selon-lordre-des-calendriers-des-martyrologes-nouvelle-edition\/#primaryimage\"},\"thumbnailUrl\":\"https:\/\/clavreuil-wordpress.logiciel-arteo.fr\/wp-content\/uploads\/2024\/04\/adrien-baillet-les-vies-des-saints-composees-sur-ce-que-nous-est-reste-de-plus-authentique-de-plus-assure-de-leur-histoire-disposees-selon-l-ordre-des.jpg\",\"datePublished\":\"2024-04-19T15:54:12+00:00\",\"dateModified\":\"2024-04-22T14:06:44+00:00\",\"breadcrumb\":{\"@id\":\"https:\/\/clavreuil-wordpress.logiciel-arteo.fr\/en\/les-vies-des-saints-composees-sur-ce-que-nous-est-reste-de-plus-authentique-de-plus-assure-de-leur-histoire-disposees-selon-lordre-des-calendriers-des-martyrologes-nouvelle-edition\/#breadcrumb\"},\"inLanguage\":\"en-US\",\"potentialAction\":[{\"@type\":\"ReadAction\",\"target\":[\"https:\/\/clavreuil-wordpress.logiciel-arteo.fr\/en\/les-vies-des-saints-composees-sur-ce-que-nous-est-reste-de-plus-authentique-de-plus-assure-de-leur-histoire-disposees-selon-lordre-des-calendriers-des-martyrologes-nouvelle-edition\/\"]}]},{\"@type\":\"ImageObject\",\"inLanguage\":\"en-US\",\"@id\":\"https:\/\/clavreuil-wordpress.logiciel-arteo.fr\/en\/les-vies-des-saints-composees-sur-ce-que-nous-est-reste-de-plus-authentique-de-plus-assure-de-leur-histoire-disposees-selon-lordre-des-calendriers-des-martyrologes-nouvelle-edition\/#primaryimage\",\"url\":\"https:\/\/clavreuil-wordpress.logiciel-arteo.fr\/wp-content\/uploads\/2024\/04\/adrien-baillet-les-vies-des-saints-composees-sur-ce-que-nous-est-reste-de-plus-authentique-de-plus-assure-de-leur-histoire-disposees-selon-l-ordre-des.jpg\",\"contentUrl\":\"https:\/\/clavreuil-wordpress.logiciel-arteo.fr\/wp-content\/uploads\/2024\/04\/adrien-baillet-les-vies-des-saints-composees-sur-ce-que-nous-est-reste-de-plus-authentique-de-plus-assure-de-leur-histoire-disposees-selon-l-ordre-des.jpg\",\"width\":913,\"height\":1231},{\"@type\":\"BreadcrumbList\",\"@id\":\"https:\/\/clavreuil-wordpress.logiciel-arteo.fr\/en\/les-vies-des-saints-composees-sur-ce-que-nous-est-reste-de-plus-authentique-de-plus-assure-de-leur-histoire-disposees-selon-lordre-des-calendriers-des-martyrologes-nouvelle-edition\/#breadcrumb\",\"itemListElement\":[{\"@type\":\"ListItem\",\"position\":1,\"name\":\"Accueil\",\"item\":\"https:\/\/clavreuil-wordpress.logiciel-arteo.fr\/\"},{\"@type\":\"ListItem\",\"position\":2,\"name\":\"All our books\",\"item\":\"https:\/\/clavreuil-wordpress.logiciel-arteo.fr\/en\/all-our-books\/\"},{\"@type\":\"ListItem\",\"position\":3,\"name\":\"BAILLET Adrien Les Vies des Saints, compos\u00e9es sur...\"}]},{\"@type\":\"WebSite\",\"@id\":\"https:\/\/clavreuil-wordpress.logiciel-arteo.fr\/#website\",\"url\":\"https:\/\/clavreuil-wordpress.logiciel-arteo.fr\/\",\"name\":\"Libairie Clavreuil\",\"description\":\"\",\"publisher\":{\"@id\":\"https:\/\/clavreuil-wordpress.logiciel-arteo.fr\/#organization\"},\"potentialAction\":[{\"@type\":\"SearchAction\",\"target\":{\"@type\":\"EntryPoint\",\"urlTemplate\":\"https:\/\/clavreuil-wordpress.logiciel-arteo.fr\/?s={search_term_string}\"},\"query-input\":{\"@type\":\"PropertyValueSpecification\",\"valueRequired\":true,\"valueName\":\"search_term_string\"}}],\"inLanguage\":\"en-US\"},{\"@type\":\"Organization\",\"@id\":\"https:\/\/clavreuil-wordpress.logiciel-arteo.fr\/#organization\",\"name\":\"Libairie Clavreuil\",\"url\":\"https:\/\/clavreuil-wordpress.logiciel-arteo.fr\/\",\"logo\":{\"@type\":\"ImageObject\",\"inLanguage\":\"en-US\",\"@id\":\"https:\/\/clavreuil-wordpress.logiciel-arteo.fr\/#\/schema\/logo\/image\/\",\"url\":\"https:\/\/clavreuil-wordpress.logiciel-arteo.fr\/wp-content\/uploads\/2021\/05\/LOGO_PNG_DATE-_gold.png\",\"contentUrl\":\"https:\/\/clavreuil-wordpress.logiciel-arteo.fr\/wp-content\/uploads\/2021\/05\/LOGO_PNG_DATE-_gold.png\",\"width\":2083,\"height\":1917,\"caption\":\"Libairie Clavreuil\"},\"image\":{\"@id\":\"https:\/\/clavreuil-wordpress.logiciel-arteo.fr\/#\/schema\/logo\/image\/\"}}]}<\/script>\n<!-- \/ Yoast SEO plugin. -->","yoast_head_json":{"title":"BAILLET Adrien Les Vies des Saints, compos\u00e9es sur ce que nous est rest\u00e9 de plus authentique &amp; de plus assur\u00e9 de leur histoire ; dispos\u00e9es selon l'ordre des calendriers &amp; des martyrologes. Nouvelle \u00e9dition. - Libairie Clavreuil","robots":{"index":"noindex","follow":"follow","max-snippet":"max-snippet:-1","max-image-preview":"max-image-preview:large","max-video-preview":"max-video-preview:-1"},"og_locale":"en_US","og_type":"article","og_title":"BAILLET Adrien Les Vies des Saints, compos\u00e9es sur ce que nous est rest\u00e9 de plus authentique &amp; de plus assur\u00e9 de leur histoire ; dispos\u00e9es selon l'ordre des calendriers &amp; des martyrologes. Nouvelle \u00e9dition. - Libairie Clavreuil","og_description":"10 volume 4to (252 x 193 mm) one engraved portrait as frontispiece, 8 unn.l., 489, CLVII for the first volume I ; 2 unn.l. , XXXX, 454 pp., 1 unn.l., 407 pp. for the volume II ; 2 unn.l., 815, XXII pp. for the volume III ; 2 unn.l., XXVII, 931 pp. for the volume IV ; 2 unn.l., 492, 222 pp., 1 unn.l. for the volume V ; 2 unn.l., XVIII, 331 pp., 1 unn.l., 34, 447 pp. for the volume VI ; 2 unn.l., XXXVI, 681 pp. for the volume VII ; 2 unn.l., XX, 754 pp. for the volume VIII ; 2 unn.l., XXXII, 304, 298 pp. for the volume IX ; 2 unn.l., 400, 280, 78 pp., 1 unn.l. for the volume X. Polished calf, Rohan-Chabot coat of arms on the corners, spine with raised bands, red edges (contemporary binding).","og_url":"https:\/\/clavreuil-wordpress.logiciel-arteo.fr\/en\/les-vies-des-saints-composees-sur-ce-que-nous-est-reste-de-plus-authentique-de-plus-assure-de-leur-histoire-disposees-selon-lordre-des-calendriers-des-martyrologes-nouvelle-edition\/","og_site_name":"Libairie Clavreuil","article_modified_time":"2024-04-22T14:06:44+00:00","og_image":[{"width":913,"height":1231,"url":"https:\/\/clavreuil-wordpress.logiciel-arteo.fr\/wp-content\/uploads\/2024\/04\/adrien-baillet-les-vies-des-saints-composees-sur-ce-que-nous-est-reste-de-plus-authentique-de-plus-assure-de-leur-histoire-disposees-selon-l-ordre-des.jpg","type":"image\/jpeg"}],"twitter_card":"summary_large_image","twitter_misc":{"Est. reading time":"1 minute"},"schema":{"@context":"https:\/\/schema.org","@graph":[{"@type":"WebPage","@id":"https:\/\/clavreuil-wordpress.logiciel-arteo.fr\/en\/les-vies-des-saints-composees-sur-ce-que-nous-est-reste-de-plus-authentique-de-plus-assure-de-leur-histoire-disposees-selon-lordre-des-calendriers-des-martyrologes-nouvelle-edition\/","url":"https:\/\/clavreuil-wordpress.logiciel-arteo.fr\/en\/les-vies-des-saints-composees-sur-ce-que-nous-est-reste-de-plus-authentique-de-plus-assure-de-leur-histoire-disposees-selon-lordre-des-calendriers-des-martyrologes-nouvelle-edition\/","name":"BAILLET Adrien Les Vies des Saints, compos\u00e9es sur ce que nous est rest\u00e9 de plus authentique &amp; de plus assur\u00e9 de leur histoire ; dispos\u00e9es selon l'ordre des calendriers &amp; des martyrologes. Nouvelle \u00e9dition. - Libairie Clavreuil","isPartOf":{"@id":"https:\/\/clavreuil-wordpress.logiciel-arteo.fr\/#website"},"primaryImageOfPage":{"@id":"https:\/\/clavreuil-wordpress.logiciel-arteo.fr\/en\/les-vies-des-saints-composees-sur-ce-que-nous-est-reste-de-plus-authentique-de-plus-assure-de-leur-histoire-disposees-selon-lordre-des-calendriers-des-martyrologes-nouvelle-edition\/#primaryimage"},"image":{"@id":"https:\/\/clavreuil-wordpress.logiciel-arteo.fr\/en\/les-vies-des-saints-composees-sur-ce-que-nous-est-reste-de-plus-authentique-de-plus-assure-de-leur-histoire-disposees-selon-lordre-des-calendriers-des-martyrologes-nouvelle-edition\/#primaryimage"},"thumbnailUrl":"https:\/\/clavreuil-wordpress.logiciel-arteo.fr\/wp-content\/uploads\/2024\/04\/adrien-baillet-les-vies-des-saints-composees-sur-ce-que-nous-est-reste-de-plus-authentique-de-plus-assure-de-leur-histoire-disposees-selon-l-ordre-des.jpg","datePublished":"2024-04-19T15:54:12+00:00","dateModified":"2024-04-22T14:06:44+00:00","breadcrumb":{"@id":"https:\/\/clavreuil-wordpress.logiciel-arteo.fr\/en\/les-vies-des-saints-composees-sur-ce-que-nous-est-reste-de-plus-authentique-de-plus-assure-de-leur-histoire-disposees-selon-lordre-des-calendriers-des-martyrologes-nouvelle-edition\/#breadcrumb"},"inLanguage":"en-US","potentialAction":[{"@type":"ReadAction","target":["https:\/\/clavreuil-wordpress.logiciel-arteo.fr\/en\/les-vies-des-saints-composees-sur-ce-que-nous-est-reste-de-plus-authentique-de-plus-assure-de-leur-histoire-disposees-selon-lordre-des-calendriers-des-martyrologes-nouvelle-edition\/"]}]},{"@type":"ImageObject","inLanguage":"en-US","@id":"https:\/\/clavreuil-wordpress.logiciel-arteo.fr\/en\/les-vies-des-saints-composees-sur-ce-que-nous-est-reste-de-plus-authentique-de-plus-assure-de-leur-histoire-disposees-selon-lordre-des-calendriers-des-martyrologes-nouvelle-edition\/#primaryimage","url":"https:\/\/clavreuil-wordpress.logiciel-arteo.fr\/wp-content\/uploads\/2024\/04\/adrien-baillet-les-vies-des-saints-composees-sur-ce-que-nous-est-reste-de-plus-authentique-de-plus-assure-de-leur-histoire-disposees-selon-l-ordre-des.jpg","contentUrl":"https:\/\/clavreuil-wordpress.logiciel-arteo.fr\/wp-content\/uploads\/2024\/04\/adrien-baillet-les-vies-des-saints-composees-sur-ce-que-nous-est-reste-de-plus-authentique-de-plus-assure-de-leur-histoire-disposees-selon-l-ordre-des.jpg","width":913,"height":1231},{"@type":"BreadcrumbList","@id":"https:\/\/clavreuil-wordpress.logiciel-arteo.fr\/en\/les-vies-des-saints-composees-sur-ce-que-nous-est-reste-de-plus-authentique-de-plus-assure-de-leur-histoire-disposees-selon-lordre-des-calendriers-des-martyrologes-nouvelle-edition\/#breadcrumb","itemListElement":[{"@type":"ListItem","position":1,"name":"Accueil","item":"https:\/\/clavreuil-wordpress.logiciel-arteo.fr\/"},{"@type":"ListItem","position":2,"name":"All our books","item":"https:\/\/clavreuil-wordpress.logiciel-arteo.fr\/en\/all-our-books\/"},{"@type":"ListItem","position":3,"name":"BAILLET Adrien Les Vies des Saints, compos\u00e9es sur..."}]},{"@type":"WebSite","@id":"https:\/\/clavreuil-wordpress.logiciel-arteo.fr\/#website","url":"https:\/\/clavreuil-wordpress.logiciel-arteo.fr\/","name":"Libairie Clavreuil","description":"","publisher":{"@id":"https:\/\/clavreuil-wordpress.logiciel-arteo.fr\/#organization"},"potentialAction":[{"@type":"SearchAction","target":{"@type":"EntryPoint","urlTemplate":"https:\/\/clavreuil-wordpress.logiciel-arteo.fr\/?s={search_term_string}"},"query-input":{"@type":"PropertyValueSpecification","valueRequired":true,"valueName":"search_term_string"}}],"inLanguage":"en-US"},{"@type":"Organization","@id":"https:\/\/clavreuil-wordpress.logiciel-arteo.fr\/#organization","name":"Libairie Clavreuil","url":"https:\/\/clavreuil-wordpress.logiciel-arteo.fr\/","logo":{"@type":"ImageObject","inLanguage":"en-US","@id":"https:\/\/clavreuil-wordpress.logiciel-arteo.fr\/#\/schema\/logo\/image\/","url":"https:\/\/clavreuil-wordpress.logiciel-arteo.fr\/wp-content\/uploads\/2021\/05\/LOGO_PNG_DATE-_gold.png","contentUrl":"https:\/\/clavreuil-wordpress.logiciel-arteo.fr\/wp-content\/uploads\/2021\/05\/LOGO_PNG_DATE-_gold.png","width":2083,"height":1917,"caption":"Libairie Clavreuil"},"image":{"@id":"https:\/\/clavreuil-wordpress.logiciel-arteo.fr\/#\/schema\/logo\/image\/"}}]}},"_links":{"self":[{"href":"https:\/\/clavreuil-wordpress.logiciel-arteo.fr\/en\/wp-json\/wp\/v2\/product\/73822","targetHints":{"allow":["GET"]}}],"collection":[{"href":"https:\/\/clavreuil-wordpress.logiciel-arteo.fr\/en\/wp-json\/wp\/v2\/product"}],"about":[{"href":"https:\/\/clavreuil-wordpress.logiciel-arteo.fr\/en\/wp-json\/wp\/v2\/types\/product"}],"replies":[{"embeddable":true,"href":"https:\/\/clavreuil-wordpress.logiciel-arteo.fr\/en\/wp-json\/wp\/v2\/comments?post=73822"}],"wp:featuredmedia":[{"embeddable":true,"href":"https:\/\/clavreuil-wordpress.logiciel-arteo.fr\/en\/wp-json\/wp\/v2\/media\/73815"}],"wp:attachment":[{"href":"https:\/\/clavreuil-wordpress.logiciel-arteo.fr\/en\/wp-json\/wp\/v2\/media?parent=73822"}],"wp:term":[{"taxonomy":"product_brand","embeddable":true,"href":"https:\/\/clavreuil-wordpress.logiciel-arteo.fr\/en\/wp-json\/wp\/v2\/product_brand?post=73822"},{"taxonomy":"product_cat","embeddable":true,"href":"https:\/\/clavreuil-wordpress.logiciel-arteo.fr\/en\/wp-json\/wp\/v2\/product_cat?post=73822"},{"taxonomy":"product_tag","embeddable":true,"href":"https:\/\/clavreuil-wordpress.logiciel-arteo.fr\/en\/wp-json\/wp\/v2\/product_tag?post=73822"}],"curies":[{"name":"wp","href":"https:\/\/api.w.org\/{rel}","templated":true}]}}